{"id":8,"date":"2017-01-30T08:30:56","date_gmt":"2017-01-30T07:30:56","guid":{"rendered":"http:\/\/demographie-campagnol.vetagro-sup.fr\/?page_id=8"},"modified":"2017-03-14T15:51:44","modified_gmt":"2017-03-14T14:51:44","slug":"a-propos-de","status":"publish","type":"page","link":"https:\/\/demographie-campagnol.vetagro-sup.fr\/index.php\/a-propos-de\/","title":{"rendered":"Programme de recherche"},"content":{"rendered":"<p>C&rsquo;est en r\u00e9pondant \u00e0 l&rsquo;appel \u00e0 projet \u00ab\u00a0Campagnol terrestre\u00a0\u00bb lanc\u00e9 durant l&rsquo;\u00e9t\u00e9 2016 par le conseil r\u00e9gional d&rsquo;Auvergne et le Feder que nous avons lanc\u00e9 notre programme de recherche intitul\u00e9 \u00ab\u00a0Caract\u00e9risation des facteurs de r\u00e9gulation des populations de campagnols terrestres notamment ceux entrainant le d\u00e9clin\u00a0\u00bb.<\/p>\n<p>Il s&rsquo;agit avant tout d&rsquo;une action de recherche fondamentale, visant \u00e0 comprendre les d\u00e9terminants des modifications d&rsquo;abondance de l\u2019esp\u00e8ce, mais les r\u00e9sultats de ce travail devraient pouvoir \u00eatre mobilis\u00e9s dans un contexte de gestion des populations.<\/p>\n<p><strong>L&rsquo;objectif du projet de recherche<\/strong><\/p>\n<p>L\u2019identification de phases-clefs dans la dynamique de population de l\u2019esp\u00e8ce reste un pr\u00e9alable \u00e0 toute action de r\u00e9gulation. Il s\u2019agit en particulier de comprendre les phases du cycle\u00a0; d\u2019identifier puis d\u2019\u00e9tudier les causes des \u00e9v\u00e9nements entrainant les pullulations et ceux amor\u00e7ant la phase de d\u00e9clin. L\u2019acquisition de ces informations n\u00e9cessite des suivis en pleins champs \u00e0 fine \u00e9chelle temporelle avec une approche syst\u00e9mique centr\u00e9e sur l\u2019esp\u00e8ce. Ainsi, il faut mesurer dans l\u2019environnement les param\u00e8tres pouvant impacter ses effectifs (la qualit\u00e9 de la v\u00e9g\u00e9tation, le climat, les parasites, la densit\u00e9 d\u2019individus) et les param\u00e8tres d\u00e9mographiques sur lesquels ils peuvent agir (survie, reproduction, \u00e2ge, sex-ratio, \u2026).<\/p>\n<p>Les sorties de ce projet sont <strong>1)<\/strong> de produire des connaissances nouvelles sur le cycle d\u00e9mographique de ces rongeurs et d\u2019identifier les param\u00e8tres environnementaux \u00e0 m\u00eame de l\u2019influencer (variables de for\u00e7age externes). <strong>2)<\/strong> D\u2019identifier des leviers d\u2019action \u00e0 mobiliser sur le terrain pour r\u00e9guler les populations ou acc\u00e9l\u00e9rer la phase de d\u00e9clin <strong>3)<\/strong> D\u2019\u00e9valuer la faisabilit\u00e9 \/ pertinences de ces solutions en lien avec les acteurs de terrain.<\/p>\n<p>Ce projet se base donc principalement sur l\u2019\u00e9tude de l\u2019\u00e9cologie du campagnol terrestre dans les parcelles agricoles et n\u00e9cessite un suivi sur le long terme et \u00e0 fine r\u00e9solution temporelle.<\/p>\n<p>&nbsp;<\/p>\n<p><span style=\"color: #808080;\"><strong>Pourquoi un suivi long terme\u00a0? <\/strong><\/span><\/p>\n<p><span style=\"color: #808080;\">Les cycles de campagnols terrestres en Auvergne sont longs, avec une p\u00e9riode de l\u2019ordre de 5 \u00e0 6 ans. On s\u2019attend \u00e0 ce que les param\u00e8tres d\u00e9mographiques \u00e9voluent au cours de ce cycle et que ces \u00e9volutions soient responsables des pullulations et des d\u00e9clins. Il est donc n\u00e9cessaire de connaitre les param\u00e8tres d\u00e9mographiques tout au long du cycle pour bien interpr\u00e9ter lesquels sont responsables des pullulations et des d\u00e9clins.<\/span><\/p>\n<p><span style=\"color: #808080;\"><strong>Pourquoi un suivi \u00e0 fine r\u00e9solution temporelle ? <\/strong><\/span><\/p>\n<p><span style=\"color: #808080;\">Les campagnols terrestres ont une dur\u00e9e de vie courte, probablement d\u2019une ann\u00e9e et demie pour les plus long\u00e9vifs. Si l\u2019on veut connaitre le nombre de fois qu\u2019une femelle se reproduit dans la nature, la probabilit\u00e9 de survie mensuelle ou encore si un hiver doux est favorable \u00e0 leur survie, il faut \u00eatre capable de recapturer plusieurs fois le m\u00eame individu, afin d\u2019appliquer des analyses de type CMR. Si pour un z\u00e8bre, un \u00e9l\u00e9phant ou une orque, un relev\u00e9 par an permet d\u2019obtenir plus d\u2019une dizaine de points \u00e0 l\u2019\u00e9chelle de la vie d\u2019un individu et de ne pas rater d\u2019\u00e9v\u00e8nement de reproduction, il sera alors possible de mod\u00e9liser correctement ces \u00e9v\u00e8nements. Il faudra par contre avoir plusieurs relev\u00e9s par an pour obtenir la m\u00eame pr\u00e9cision chez le campagnol terrestre. C\u2019est pour cela que des espacements de suivis de l\u2019ordre d\u2019un mois ou deux sont pr\u00e9conis\u00e9s sur ces esp\u00e8ces, suivis qui n\u2019ont \u00e0 l\u2019heure actuelle jamais \u00e9t\u00e9 mis en place.<\/span><\/p>\n","protected":false},"excerpt":{"rendered":"<p>C&rsquo;est en r\u00e9pondant \u00e0 l&rsquo;appel \u00e0 projet \u00ab\u00a0Campagnol terrestre\u00a0\u00bb lanc\u00e9 durant l&rsquo;\u00e9t\u00e9 2016 par le conseil r\u00e9gional d&rsquo;Auvergne et le Feder que nous avons lanc\u00e9 notre programme de recherche intitul\u00e9 \u00ab\u00a0Caract\u00e9risation des facteurs de r\u00e9gulation des populations de campagnols terrestres notamment ceux entrainant le d\u00e9clin\u00a0\u00bb. Il s&rsquo;agit avant tout d&rsquo;une action de recherche fondamentale, visant &hellip; <\/p>\n<p class=\"link-more\"><a href=\"https:\/\/demographie-campagnol.vetagro-sup.fr\/index.php\/a-propos-de\/\" class=\"more-link\">Continuer la lecture<span class=\"screen-reader-text\"> de &laquo;&nbsp;Programme de recherche&nbsp;&raquo;<\/span><\/a><\/p>\n","protected":false},"author":1,"featured_media":178,"parent":0,"menu_order":0,"comment_status":"closed","ping_status":"closed","template":"","meta":{"footnotes":""},"class_list":["post-8","page","type-page","status-publish","has-post-thumbnail","hentry"],"_links":{"self":[{"href":"https:\/\/demographie-campagnol.vetagro-sup.fr\/index.php\/wp-json\/wp\/v2\/pages\/8","targetHints":{"allow":["GET"]}}],"collection":[{"href":"https:\/\/demographie-campagnol.vetagro-sup.fr\/index.php\/wp-json\/wp\/v2\/pages"}],"about":[{"href":"https:\/\/demographie-campagnol.vetagro-sup.fr\/index.php\/wp-json\/wp\/v2\/types\/page"}],"author":[{"embeddable":true,"href":"https:\/\/demographie-campagnol.vetagro-sup.fr\/index.php\/wp-json\/wp\/v2\/users\/1"}],"replies":[{"embeddable":true,"href":"https:\/\/demographie-campagnol.vetagro-sup.fr\/index.php\/wp-json\/wp\/v2\/comments?post=8"}],"version-history":[{"count":12,"href":"https:\/\/demographie-campagnol.vetagro-sup.fr\/index.php\/wp-json\/wp\/v2\/pages\/8\/revisions"}],"predecessor-version":[{"id":223,"href":"https:\/\/demographie-campagnol.vetagro-sup.fr\/index.php\/wp-json\/wp\/v2\/pages\/8\/revisions\/223"}],"wp:featuredmedia":[{"embeddable":true,"href":"https:\/\/demographie-campagnol.vetagro-sup.fr\/index.php\/wp-json\/wp\/v2\/media\/178"}],"wp:attachment":[{"href":"https:\/\/demographie-campagnol.vetagro-sup.fr\/index.php\/wp-json\/wp\/v2\/media?parent=8"}],"curies":[{"name":"wp","href":"https:\/\/api.w.org\/{rel}","templated":true}]}}